{"id":14,"date":"2024-08-30T08:00:53","date_gmt":"2024-08-30T06:00:53","guid":{"rendered":"https:\/\/www.pierrematter.fr\/?page_id=14"},"modified":"2025-09-05T22:35:58","modified_gmt":"2025-09-05T20:35:58","slug":"lartiste","status":"publish","type":"page","link":"https:\/\/www.pierrematter.fr\/en\/lartiste\/","title":{"rendered":"THE ARTIST"},"content":{"rendered":"<p>[et_pb_section fb_built=\u00a0\u00bb1&Prime; _builder_version=\u00a0\u00bb4.27.0&Prime; _module_preset=\u00a0\u00bbdefault\u00a0\u00bb background_color=\u00a0\u00bb#3f3f3f\u00a0\u00bb background_image=\u00a0\u00bbhttps:\/\/www.pierrematter.fr\/wp-content\/uploads\/2024\/08\/3.jpg\u00a0\u00bb background_blend=\u00a0\u00bboverlay\u00a0\u00bb custom_padding=\u00a0\u00bb0px||0px||true|false\u00a0\u00bb locked=\u00a0\u00bbon\u00a0\u00bb global_colors_info=\u00a0\u00bb{}\u00a0\u00bb][et_pb_row _builder_version=\u00a0\u00bb4.27.0&Prime; _module_preset=\u00a0\u00bbdefault\u00a0\u00bb max_width=\u00a0\u00bb100%\u00a0\u00bb global_colors_info=\u00a0\u00bb{}\u00a0\u00bb][et_pb_column type=\u00a0\u00bb4_4&Prime; _builder_version=\u00a0\u00bb4.27.0&Prime; _module_preset=\u00a0\u00bbdefault\u00a0\u00bb global_colors_info=\u00a0\u00bb{}\u00a0\u00bb][et_pb_text _builder_version=\u00a0\u00bb4.27.0&Prime; _module_preset=\u00a0\u00bbdefault\u00a0\u00bb text_text_color=\u00a0\u00bb#FFFFFF\u00a0\u00bb header_font=\u00a0\u00bb|700||on|||||\u00a0\u00bb header_text_color=\u00a0\u00bb#FFFFFF\u00a0\u00bb global_colors_info=\u00a0\u00bb{}\u00a0\u00bb]<\/p>\n<h1>THE ARTIST<\/h1>\n<p>[\/et_pb_text][\/et_pb_column][\/et_pb_row][\/et_pb_section][et_pb_section fb_built=\u00a0\u00bb1&Prime; _builder_version=\u00a0\u00bb4.27.0&Prime; _module_preset=\u00a0\u00bbdefault\u00a0\u00bb custom_margin=\u00a0\u00bb50px||50px||true|false\u00a0\u00bb custom_padding=\u00a0\u00bb0px||0px||true|false\u00a0\u00bb global_colors_info=\u00a0\u00bb{}\u00a0\u00bb][et_pb_row column_structure=\u00a0\u00bb1_2,1_2&Prime; use_custom_gutter=\u00a0\u00bbon\u00a0\u00bb gutter_width=\u00a0\u00bb1&Prime; make_equal=\u00a0\u00bbon\u00a0\u00bb _builder_version=\u00a0\u00bb4.27.0&Prime; _module_preset=\u00a0\u00bbdefault\u00a0\u00bb max_width=\u00a0\u00bb100%\u00a0\u00bb custom_padding=\u00a0\u00bb0px||0px||true|false\u00a0\u00bb global_colors_info=\u00a0\u00bb{}\u00a0\u00bb][et_pb_column type=\u00a0\u00bb1_2&Prime; _builder_version=\u00a0\u00bb4.27.0&Prime; _module_preset=\u00a0\u00bbdefault\u00a0\u00bb global_colors_info=\u00a0\u00bb{}\u00a0\u00bb][et_pb_image src=\u00a0\u00bbhttps:\/\/www.pierrematter.fr\/wp-content\/uploads\/2024\/09\/Pierre_matter.jpg\u00a0\u00bb title_text=\u00a0\u00bbPierre_matter\u00a0\u00bb force_fullwidth=\u00a0\u00bbon\u00a0\u00bb _builder_version=\u00a0\u00bb4.27.0&Prime; _module_preset=\u00a0\u00bbdefault\u00a0\u00bb global_colors_info=\u00a0\u00bb{}\u00a0\u00bb][\/et_pb_image][\/et_pb_column][et_pb_column type=\u00a0\u00bb1_2&Prime; _builder_version=\u00a0\u00bb4.27.0&Prime; _module_preset=\u00a0\u00bbdefault\u00a0\u00bb background_enable_pattern_style=\u00a0\u00bbon\u00a0\u00bb background_pattern_style=\u00a0\u00bbcubes\u00a0\u00bb background_pattern_color=\u00a0\u00bbrgba(242,242,242,0.62)\u00a0\u00bb box_shadow_style=\u00a0\u00bbpreset3&Prime; global_colors_info=\u00a0\u00bb{}\u00a0\u00bb][et_pb_text _builder_version=\u00a0\u00bb4.27.0&Prime; _module_preset=\u00a0\u00bbdefault\u00a0\u00bb header_2_font=\u00a0\u00bb|||on|||||\u00a0\u00bb background_color=\u00a0\u00bb#ffffff\u00a0\u00bb transform_translate_linked=\u00a0\u00bboff\u00a0\u00bb positioning=\u00a0\u00bbrelative\u00a0\u00bb z_index=\u00a0\u00bb1200&Prime; height=\u00a0\u00bb100%\u00a0\u00bb custom_padding=\u00a0\u00bb50px|40px||40px|false|true\u00a0\u00bb scroll_vertical_motion=\u00a0\u00bb0|38|38|66|4|0|-4&Prime; motion_trigger_start=\u00a0\u00bbtop\u00a0\u00bb global_colors_info=\u00a0\u00bb{}\u00a0\u00bb]<\/p>\n<h2><strong>biography<\/strong><\/h2>\n<p><strong><\/strong><\/p>\n<p><span>After a mostly mystical childhood, he undertook (without much enthusiasm, it is true) general studies in mathematics, but on the side, escaped into artistic creation. He tried his hand at gouache and watercolor but did not find his true calling until much later. His journeys took him to agriculture, then to the building trades, passing through comic book drawing and bas-reliefs in stone.<\/span><\/p>\n<p><span>He finally wound up in a type of sculpture that has always seemed obvious to him. \u201cWe live in a transitional epoch that makes and will make appear in our reality monstrous hybrid beings from mythology. Even the cows of the mountains are only milk machines.\u201d Allying nature and technical civilisation, his mechanical-animals express the overlap between nature and man. They reflect the anxiety of monstrosity always possible, but give off a feeling of power that seems to be offered by modern technology.<\/span><\/p>\n<p><span>He currently works in his workshop in the Loire Valley. His work is on display in galleries in Paris, Singapore, New-York, Miami, Hong-Kong, London, Geneva, Seoul, Monaco, Dubai, and Las Vegas as well as in the Shanghai Sculpture Space, but remains relatively unknown in France.<\/span><\/p>\n<p style=\"text-align: right;\"><span><img decoding=\"async\" src=\"https:\/\/www.pierrematter.fr\/wp-content\/uploads\/2024\/10\/signature-trace-Noir-300x257.png\" width=\"100\" height=\"auto\" alt=\"\" class=\"wp-image-793 alignnone size-medium\" \/><\/span><\/p>\n<p>[\/et_pb_text][\/et_pb_column][\/et_pb_row][\/et_pb_section][et_pb_section fb_built=\u00a0\u00bb1&Prime; module_class=\u00a0\u00bbdc_inverser_colonnes-section\u00a0\u00bb _builder_version=\u00a0\u00bb4.27.0&Prime; _module_preset=\u00a0\u00bbdefault\u00a0\u00bb background_color=\u00a0\u00bb#f2f2f2&Prime; background_enable_pattern_style=\u00a0\u00bbon\u00a0\u00bb background_pattern_style=\u00a0\u00bbcubes\u00a0\u00bb background_pattern_color=\u00a0\u00bbrgba(0,0,0,0.01)\u00a0\u00bb custom_padding=\u00a0\u00bb50px||50px||true|false\u00a0\u00bb global_colors_info=\u00a0\u00bb{}\u00a0\u00bb][et_pb_row column_structure=\u00a0\u00bb1_2,1_2&Prime; use_custom_gutter=\u00a0\u00bbon\u00a0\u00bb gutter_width=\u00a0\u00bb1&Prime; make_equal=\u00a0\u00bbon\u00a0\u00bb module_class=\u00a0\u00bbdc_inverser_colonnes-ligne\u00a0\u00bb _builder_version=\u00a0\u00bb4.27.0&Prime; _module_preset=\u00a0\u00bbdefault\u00a0\u00bb max_width=\u00a0\u00bb100%\u00a0\u00bb custom_margin=\u00a0\u00bb0px||0px||true|false\u00a0\u00bb custom_padding=\u00a0\u00bb0px||0px||true|false\u00a0\u00bb global_colors_info=\u00a0\u00bb{}\u00a0\u00bb][et_pb_column type=\u00a0\u00bb1_2&Prime; _builder_version=\u00a0\u00bb4.27.0&Prime; _module_preset=\u00a0\u00bbdefault\u00a0\u00bb background_color=\u00a0\u00bb#ffffff\u00a0\u00bb background_enable_pattern_style=\u00a0\u00bbon\u00a0\u00bb background_pattern_style=\u00a0\u00bbcubes\u00a0\u00bb background_pattern_color=\u00a0\u00bbrgba(242,242,242,0.62)\u00a0\u00bb box_shadow_style=\u00a0\u00bbpreset3&Prime; global_colors_info=\u00a0\u00bb{}\u00a0\u00bb][et_pb_text _builder_version=\u00a0\u00bb4.27.0&Prime; _module_preset=\u00a0\u00bbdefault\u00a0\u00bb header_2_font=\u00a0\u00bb|||on|||||\u00a0\u00bb background_color=\u00a0\u00bb#ffffff\u00a0\u00bb transform_translate_linked=\u00a0\u00bboff\u00a0\u00bb positioning=\u00a0\u00bbrelative\u00a0\u00bb z_index=\u00a0\u00bb1200&Prime; height=\u00a0\u00bb100%\u00a0\u00bb custom_padding=\u00a0\u00bb50px|40px|50px|40px|true|true\u00a0\u00bb scroll_vertical_motion=\u00a0\u00bb0|38|38|66|4|0|-4&Prime; motion_trigger_start=\u00a0\u00bbtop\u00a0\u00bb global_colors_info=\u00a0\u00bb{}\u00a0\u00bb]<\/p>\n<h2><strong>Philosophy of his work<br \/><\/strong><\/h2>\n<p><strong><\/strong><\/p>\n<p>\u201cI wish I had been an artist\u2026 \u201d<\/p>\n<p>Pierre Matter wanted to be an astrophysicist, but instead he became an artist!<br \/>Taking shortcuts through painting, comic books and bas-reliefs among other paths, he discovered a universe of metal.<br \/>And by hammering, welding and melting he expresses his vision of a world so special.<\/p>\n<p>Between Jules Verne and Metropolis, Jodorowsky and Bilal, his fantastical creatures emerge into being.<br \/>Pieces of scrap metal to which he gives a second life, mixed with copper, stainless steel, brass and bronze, are transformed into bulls, whales, women or boats, always hybrid, almost possible.<\/p>\n<p>Even his babies, not completely innocents, play in this imaginary world, where machines and technology become as one with the living.<\/p>\n<p>This is the power of Pierre Matter: his sculptures seem so \u201cnatural\u201d they almost make us forget all the cogs and pistons that make up his bestiary.<\/p>\n<p>One almost expects to see them leave their moorings to melt into the crowd and find their partners\u2026<\/p>\n<p>[\/et_pb_text][\/et_pb_column][et_pb_column type=\u00a0\u00bb1_2&Prime; _builder_version=\u00a0\u00bb4.27.0&Prime; _module_preset=\u00a0\u00bbdefault\u00a0\u00bb global_colors_info=\u00a0\u00bb{}\u00a0\u00bb][et_pb_image src=\u00a0\u00bbhttps:\/\/www.pierrematter.fr\/wp-content\/uploads\/2024\/09\/MATTER_OEUVRE.jpg\u00a0\u00bb title_text=\u00a0\u00bbMATTER_OEUVRE\u00a0\u00bb force_fullwidth=\u00a0\u00bbon\u00a0\u00bb _builder_version=\u00a0\u00bb4.27.0&Prime; _module_preset=\u00a0\u00bbdefault\u00a0\u00bb global_colors_info=\u00a0\u00bb{}\u00a0\u00bb][\/et_pb_image][\/et_pb_column][\/et_pb_row][\/et_pb_section][et_pb_section fb_built=\u00a0\u00bb1&Prime; _builder_version=\u00a0\u00bb4.27.0&Prime; _module_preset=\u00a0\u00bbdefault\u00a0\u00bb custom_margin=\u00a0\u00bb50px||50px||true|false\u00a0\u00bb custom_padding=\u00a0\u00bb0px||0px||true|false\u00a0\u00bb global_colors_info=\u00a0\u00bb{}\u00a0\u00bb][et_pb_row column_structure=\u00a0\u00bb1_2,1_2&Prime; use_custom_gutter=\u00a0\u00bbon\u00a0\u00bb gutter_width=\u00a0\u00bb1&Prime; make_equal=\u00a0\u00bbon\u00a0\u00bb _builder_version=\u00a0\u00bb4.27.4&Prime; _module_preset=\u00a0\u00bbdefault\u00a0\u00bb max_width=\u00a0\u00bb100%\u00a0\u00bb custom_margin=\u00a0\u00bb0px||0px||true|false\u00a0\u00bb custom_padding=\u00a0\u00bb0px||0px||true|false\u00a0\u00bb global_colors_info=\u00a0\u00bb{}\u00a0\u00bb][et_pb_column type=\u00a0\u00bb1_2&Prime; _builder_version=\u00a0\u00bb4.27.4&Prime; _module_preset=\u00a0\u00bbdefault\u00a0\u00bb background_color=\u00a0\u00bbRGBA(255,255,255,0)\u00a0\u00bb custom_padding=\u00a0\u00bb0px||0px||true|false\u00a0\u00bb global_colors_info=\u00a0\u00bb{}\u00a0\u00bb][\/et_pb_column][et_pb_column type=\u00a0\u00bb1_2&Prime; _builder_version=\u00a0\u00bb4.27.4&Prime; _module_preset=\u00a0\u00bbdefault\u00a0\u00bb custom_padding=\u00a0\u00bb|25px||25px|false|true\u00a0\u00bb global_colors_info=\u00a0\u00bb{}\u00a0\u00bb][et_pb_text _builder_version=\u00a0\u00bb4.27.4&Prime; _module_preset=\u00a0\u00bbdefault\u00a0\u00bb header_2_font=\u00a0\u00bb|||on|||||\u00a0\u00bb background_color=\u00a0\u00bbRGBA(255,255,255,0)\u00a0\u00bb transform_translate_linked=\u00a0\u00bboff\u00a0\u00bb positioning=\u00a0\u00bbrelative\u00a0\u00bb z_index=\u00a0\u00bb1200&Prime; height=\u00a0\u00bb100%\u00a0\u00bb custom_margin=\u00a0\u00bb0px||0px||true|false\u00a0\u00bb custom_padding=\u00a0\u00bb10px|0px|10px|0px|true|true\u00a0\u00bb scroll_vertical_motion=\u00a0\u00bb0|38|38|66|4|0|-4&Prime; motion_trigger_start=\u00a0\u00bbtop\u00a0\u00bb global_colors_info=\u00a0\u00bb{}\u00a0\u00bb]<\/p>\n<h2><strong>Main exhibitions &amp; achievements<\/strong><\/h2>\n<p>[\/et_pb_text][\/et_pb_column][\/et_pb_row][et_pb_row column_structure=\u00a0\u00bb1_2,1_2&Prime; use_custom_gutter=\u00a0\u00bbon\u00a0\u00bb gutter_width=\u00a0\u00bb1&Prime; make_equal=\u00a0\u00bbon\u00a0\u00bb _builder_version=\u00a0\u00bb4.27.4&Prime; _module_preset=\u00a0\u00bbdefault\u00a0\u00bb max_width=\u00a0\u00bb100%\u00a0\u00bb custom_padding=\u00a0\u00bb0px||0px||true|false\u00a0\u00bb global_colors_info=\u00a0\u00bb{}\u00a0\u00bb][et_pb_column type=\u00a0\u00bb1_2&Prime; _builder_version=\u00a0\u00bb4.27.0&Prime; _module_preset=\u00a0\u00bbdefault\u00a0\u00bb background_color=\u00a0\u00bb#ffffff\u00a0\u00bb box_shadow_style=\u00a0\u00bbpreset3&Prime; global_colors_info=\u00a0\u00bb{}\u00a0\u00bb][et_pb_image src=\u00a0\u00bbhttps:\/\/www.pierrematter.fr\/wp-content\/uploads\/2024\/10\/Opposition.jpg\u00a0\u00bb title_text=\u00a0\u00bbOpposition\u00a0\u00bb force_fullwidth=\u00a0\u00bbon\u00a0\u00bb _builder_version=\u00a0\u00bb4.27.0&Prime; _module_preset=\u00a0\u00bbdefault\u00a0\u00bb global_colors_info=\u00a0\u00bb{}\u00a0\u00bb][\/et_pb_image][et_pb_image src=\u00a0\u00bbhttps:\/\/www.pierrematter.fr\/wp-content\/uploads\/2024\/10\/atlantide-man-.jpg\u00a0\u00bb title_text=\u00a0\u00bbatlantide-man-\u00a0\u00bb force_fullwidth=\u00a0\u00bbon\u00a0\u00bb disabled_on=\u00a0\u00bbon|on|off\u00a0\u00bb _builder_version=\u00a0\u00bb4.27.0&Prime; _module_preset=\u00a0\u00bbdefault\u00a0\u00bb custom_margin=\u00a0\u00bb70px||||false|false\u00a0\u00bb global_colors_info=\u00a0\u00bb{}\u00a0\u00bb][\/et_pb_image][\/et_pb_column][et_pb_column type=\u00a0\u00bb1_2&Prime; _builder_version=\u00a0\u00bb4.27.4&Prime; _module_preset=\u00a0\u00bbdefault\u00a0\u00bb custom_padding=\u00a0\u00bb|25px||25px|false|true\u00a0\u00bb box_shadow_style=\u00a0\u00bbpreset3&Prime; global_colors_info=\u00a0\u00bb{}\u00a0\u00bb][et_pb_accordion _builder_version=\u00a0\u00bb4.27.4&Prime; _module_preset=\u00a0\u00bbdefault\u00a0\u00bb custom_margin=\u00a0\u00bb||||false|false\u00a0\u00bb custom_padding=\u00a0\u00bb30px|20px|30px|20px|false|false\u00a0\u00bb hover_enabled=\u00a0\u00bb0&Prime; global_colors_info=\u00a0\u00bb{}\u00a0\u00bb sticky_enabled=\u00a0\u00bb0&Prime;][et_pb_accordion_item title=\u00a0\u00bb1997&Prime; _builder_version=\u00a0\u00bb4.27.0&Prime; _module_preset=\u00a0\u00bbdefault\u00a0\u00bb global_colors_info=\u00a0\u00bb{}\u00a0\u00bb open=\u00a0\u00bbon\u00a0\u00bb]<\/p>\n<ul>\n<li>Conseil de l\u2019Europe, STRASBOURG \u2013 France<\/li>\n<li>Espace Paul Ricard, BANDOL &#8211; France<\/li>\n<li>Galerie Le Virage, D\u00c9L\u00c9MONT &#8211; Suisse<\/li>\n<\/ul>\n<p>[\/et_pb_accordion_item][et_pb_accordion_item title=\u00a0\u00bb1998&Prime; _builder_version=\u00a0\u00bb4.27.0&Prime; _module_preset=\u00a0\u00bbdefault\u00a0\u00bb global_colors_info=\u00a0\u00bb{}\u00a0\u00bb open=\u00a0\u00bboff\u00a0\u00bb]<\/p>\n<ul>\n<li>Galerie Daune, PARIS &#8211; France<\/li>\n<\/ul>\n<p>[\/et_pb_accordion_item][et_pb_accordion_item title=\u00a0\u00bb1999&Prime; _builder_version=\u00a0\u00bb4.27.0&Prime; _module_preset=\u00a0\u00bbdefault\u00a0\u00bb global_colors_info=\u00a0\u00bb{}\u00a0\u00bb open=\u00a0\u00bboff\u00a0\u00bb]<\/p>\n<ul>\n<li>Aktuel Gallery &#8211; Allemagne<\/li>\n<li>Conseil de l\u2019Europe, STRASBOURG &#8211; France<\/li>\n<li>Canne\u2019s Gallery &#8211; France<\/li>\n<\/ul>\n<p>[\/et_pb_accordion_item][et_pb_accordion_item title=\u00a0\u00bb2000&Prime; _builder_version=\u00a0\u00bb4.27.0&Prime; _module_preset=\u00a0\u00bbdefault\u00a0\u00bb global_colors_info=\u00a0\u00bb{}\u00a0\u00bb open=\u00a0\u00bboff\u00a0\u00bb]<\/p>\n<ul>\n<li>Maison de la Radio, PARIS &#8211; France<\/li>\n<li>Esch Theatre Gallery, LUXEMBOURG<\/li>\n<li>Opera Gallery, NEW-YORK &#8211; \u00c9tats-unis<\/li>\n<\/ul>\n<p>[\/et_pb_accordion_item][et_pb_accordion_item title=\u00a0\u00bb2001&Prime; _builder_version=\u00a0\u00bb4.27.0&Prime; _module_preset=\u00a0\u00bbdefault\u00a0\u00bb global_colors_info=\u00a0\u00bb{}\u00a0\u00bb open=\u00a0\u00bboff\u00a0\u00bb]<\/p>\n<ul>\n<li>Opera Gallery, SINGAPORE<\/li>\n<\/ul>\n<p>[\/et_pb_accordion_item][et_pb_accordion_item title=\u00a0\u00bb2002&Prime; _builder_version=\u00a0\u00bb4.27.0&Prime; _module_preset=\u00a0\u00bbdefault\u00a0\u00bb global_colors_info=\u00a0\u00bb{}\u00a0\u00bb open=\u00a0\u00bboff\u00a0\u00bb]<\/p>\n<ul>\n<li>Tokyu Bunkamura Gallery Museum, TOKYO &#8211; Japon<\/li>\n<li>Tenjin Salaria Event Space, FUKUOKA &#8211; Japon<\/li>\n<li>Plaza, OZAKA &#8211; Japon<\/li>\n<li>Loft Gallery Museum, NAGOYA &#8211; Japon<\/li>\n<li>Red Brick Warehouse Gallery, YOKOHAMA &#8211; Japon<\/li>\n<\/ul>\n<p>[\/et_pb_accordion_item][et_pb_accordion_item title=\u00a0\u00bb2003&Prime; _builder_version=\u00a0\u00bb4.27.0&Prime; _module_preset=\u00a0\u00bbdefault\u00a0\u00bb global_colors_info=\u00a0\u00bb{}\u00a0\u00bb open=\u00a0\u00bboff\u00a0\u00bb]<\/p>\n<ul>\n<li>Opera Gallery NEW-YORK &#8211; \u00c9tats-Unis<\/li>\n<\/ul>\n<p>[\/et_pb_accordion_item][et_pb_accordion_item title=\u00a0\u00bb2004&Prime; _builder_version=\u00a0\u00bb4.27.0&Prime; _module_preset=\u00a0\u00bbdefault\u00a0\u00bb global_colors_info=\u00a0\u00bb{}\u00a0\u00bb open=\u00a0\u00bboff\u00a0\u00bb]<\/p>\n<ul>\n<li>New-Yorker Magazine, NEW-YORK &#8211; \u00c9tats-Unis<\/li>\n<\/ul>\n<p>[\/et_pb_accordion_item][et_pb_accordion_item title=\u00a0\u00bb2005&Prime; _builder_version=\u00a0\u00bb4.27.0&Prime; _module_preset=\u00a0\u00bbdefault\u00a0\u00bb global_colors_info=\u00a0\u00bb{}\u00a0\u00bb open=\u00a0\u00bboff\u00a0\u00bb]<\/p>\n<ul>\n<li>Shanghai Sculpture Space, SHANGHAI &#8211; Chine<\/li>\n<li>Contemporary Art fair, SHANGHAI &#8211; Chine<\/li>\n<\/ul>\n<p>[\/et_pb_accordion_item][et_pb_accordion_item title=\u00a0\u00bb2006&Prime; _builder_version=\u00a0\u00bb4.27.0&Prime; _module_preset=\u00a0\u00bbdefault\u00a0\u00bb global_colors_info=\u00a0\u00bb{}\u00a0\u00bb open=\u00a0\u00bboff\u00a0\u00bb]<\/p>\n<ul>\n<li>Espace 110, ILLZACH &#8211; France<\/li>\n<li>Contemporary Art fair, SHANGHAI &#8211; Chine<\/li>\n<li>Opera Gallery, HONG-KONG<\/li>\n<\/ul>\n<p>[\/et_pb_accordion_item][et_pb_accordion_item title=\u00a0\u00bb2007&Prime; _builder_version=\u00a0\u00bb4.27.0&Prime; _module_preset=\u00a0\u00bbdefault\u00a0\u00bb global_colors_info=\u00a0\u00bb{}\u00a0\u00bb open=\u00a0\u00bboff\u00a0\u00bb]<\/p>\n<ul>\n<li>Annual Shanghai International Exhibition of Sculptures, SHANGHAI &#8211; Chine<\/li>\n<li>Opera Gallery, SINGAPORE<\/li>\n<li>Museum of Contemporary Art, SHANGHAI &#8211; Chine<\/li>\n<li>Imaginales, EPINAL &#8211; France<\/li>\n<li>Contemporary Art fair, SHANGHAI &#8211; Chine<\/li>\n<\/ul>\n<p>[\/et_pb_accordion_item][et_pb_accordion_item title=\u00a0\u00bb2008&Prime; _builder_version=\u00a0\u00bb4.27.0&Prime; _module_preset=\u00a0\u00bbdefault\u00a0\u00bb global_colors_info=\u00a0\u00bb{}\u00a0\u00bb open=\u00a0\u00bboff\u00a0\u00bb]<\/p>\n<ul>\n<li>Opera Gallery, NEW-YORK<\/li>\n<li>Gong Zhen &#8211; Art in Sport, Museum of Contemporary Art, SHANGHAI &#8211; Chine<\/li>\n<li>Gong Zhen &#8211; Art in Sport, Museum of Ghanzhou Art Academy, GHANZHOU &#8211; Chine<\/li>\n<li>Gong Zhen &#8211; Art in Sport, RCM the Museum of Modern Art, NANJING &#8211; Chine<\/li>\n<li>Gong Zhen &#8211; Art in Sport, Gallery of Luxun Art Academy, SHENYANG &#8211; Chine<\/li>\n<li>Gong Zhen &#8211; Art in Sport, Today Art Museum, BEJING &#8211; Chine<\/li>\n<li>Contemporary Art fair, SHANGHAI &#8211; Chine<\/li>\n<\/ul>\n<p>[\/et_pb_accordion_item][et_pb_accordion_item title=\u00a0\u00bb2009&Prime; _builder_version=\u00a0\u00bb4.27.0&Prime; _module_preset=\u00a0\u00bbdefault\u00a0\u00bb global_colors_info=\u00a0\u00bb{}\u00a0\u00bb open=\u00a0\u00bboff\u00a0\u00bb]<\/p>\n<ul>\n<li>Opera Gallery, SINGAPORE<\/li>\n<\/ul>\n<p>[\/et_pb_accordion_item][et_pb_accordion_item title=\u00a0\u00bb2010&Prime; _builder_version=\u00a0\u00bb4.27.0&Prime; _module_preset=\u00a0\u00bbdefault\u00a0\u00bb global_colors_info=\u00a0\u00bb{}\u00a0\u00bb open=\u00a0\u00bboff\u00a0\u00bb]<\/p>\n<ul>\n<li>St\u2019Art, STRASBOURG &#8211; France<\/li>\n<\/ul>\n<p>[\/et_pb_accordion_item][et_pb_accordion_item title=\u00a0\u00bb2011&Prime; _builder_version=\u00a0\u00bb4.27.0&Prime; _module_preset=\u00a0\u00bbdefault\u00a0\u00bb global_colors_info=\u00a0\u00bb{}\u00a0\u00bb open=\u00a0\u00bboff\u00a0\u00bb]<\/p>\n<ul>\n<li>Opera Gallery DUBA\u00cf &#8211; UAE<\/li>\n<li>Opera Gallery, SINGAPORE<\/li>\n<\/ul>\n<p>[\/et_pb_accordion_item][et_pb_accordion_item title=\u00a0\u00bb2012&Prime; _builder_version=\u00a0\u00bb4.27.0&Prime; _module_preset=\u00a0\u00bbdefault\u00a0\u00bb global_colors_info=\u00a0\u00bb{}\u00a0\u00bb open=\u00a0\u00bboff\u00a0\u00bb]<\/p>\n<ul>\n<li>Opera Gallery, PARIS &#8211; France<\/li>\n<li>Galerie Hugues P\u00e9not, PORNICHET &#8211; France<\/li>\n<\/ul>\n<p>[\/et_pb_accordion_item][et_pb_accordion_item title=\u00a0\u00bb2013&Prime; _builder_version=\u00a0\u00bb4.27.0&Prime; _module_preset=\u00a0\u00bbdefault\u00a0\u00bb global_colors_info=\u00a0\u00bb{}\u00a0\u00bb open=\u00a0\u00bboff\u00a0\u00bb]<\/p>\n<ul>\n<li>AFA Gallery SoHo, NEW-YORK &#8211; Etats-unis<\/li>\n<li>Opera Gallery, SINGAPORE<\/li>\n<li>Galerie Clarus, SOLOGNE &#8211; Franc<\/li>\n<li>Ch\u00e2teau de Belcastel, AVEYRON &#8211; France<\/li>\n<li>La Bo\u00eete noire, TOURS &#8211; France<\/li>\n<\/ul>\n<p>[\/et_pb_accordion_item][et_pb_accordion_item title=\u00a0\u00bb2014&Prime; _builder_version=\u00a0\u00bb4.27.0&Prime; _module_preset=\u00a0\u00bbdefault\u00a0\u00bb global_colors_info=\u00a0\u00bb{}\u00a0\u00bb open=\u00a0\u00bboff\u00a0\u00bb]<\/p>\n<ul>\n<li>Opera Gallery &#8211; Longines Master Slam, HONG-KONG<\/li>\n<li>AFA Gallery Soho, NEW-YORK &#8211; Etats-unis<\/li>\n<li>Scope Basel &#8211; Galerie Mark Hachem, B\u00c2LE &#8211; Suisse<\/li>\n<li>Opera Gallery, SINGAPORE<\/li>\n<\/ul>\n<p>[\/et_pb_accordion_item][et_pb_accordion_item title=\u00a0\u00bb2015&Prime; _builder_version=\u00a0\u00bb4.27.0&Prime; _module_preset=\u00a0\u00bbdefault\u00a0\u00bb global_colors_info=\u00a0\u00bb{}\u00a0\u00bb open=\u00a0\u00bboff\u00a0\u00bb]<\/p>\n<ul>\n<li>Ch\u00e2teau de Belcastel, AVEYRON &#8211; France<\/li>\n<li>Nov\u2019Art 2015, VILL\u00caV\u00caQUE &#8211; France<\/li>\n<li>STR\u2019OFF, STRASBOURG &#8211; France<\/li>\n<\/ul>\n<p>[\/et_pb_accordion_item][et_pb_accordion_item title=\u00a0\u00bb2016&Prime; _builder_version=\u00a0\u00bb4.27.0&Prime; _module_preset=\u00a0\u00bbdefault\u00a0\u00bb global_colors_info=\u00a0\u00bb{}\u00a0\u00bb open=\u00a0\u00bboff\u00a0\u00bb]<\/p>\n<ul>\n<li>13\u00e8me Biennale de Savonni\u00e8res &#8211; France<\/li>\n<li>47\u00e8me Salon Artistique de Sainte-Maure-de-Touraine &#8211; France<\/li>\n<li>AFA Gallery SoHo, NEW-YORK &#8211; \u00c9TATS-UNIS<\/li>\n<\/ul>\n<p>[\/et_pb_accordion_item][et_pb_accordion_item title=\u00a0\u00bb2017&Prime; _builder_version=\u00a0\u00bb4.27.0&Prime; _module_preset=\u00a0\u00bbdefault\u00a0\u00bb global_colors_info=\u00a0\u00bb{}\u00a0\u00bb open=\u00a0\u00bboff\u00a0\u00bb]<\/p>\n<ul>\n<li>L\u2019Art au quotidien, Artiste \u00e0 l\u2019honneur, TOURS &#8211; France<\/li>\n<li>Opera Gallery, SINGAPORE<\/li>\n<\/ul>\n<p>[\/et_pb_accordion_item][et_pb_accordion_item title=\u00a0\u00bb2018&Prime; _builder_version=\u00a0\u00bb4.27.0&Prime; _module_preset=\u00a0\u00bbdefault\u00a0\u00bb global_colors_info=\u00a0\u00bb{}\u00a0\u00bb open=\u00a0\u00bboff\u00a0\u00bb]<\/p>\n<ul>\n<li>Ch\u00e2teau de Belcastel, AVEYRON &#8211; France<\/li>\n<li>AFA Gallery SoHo, NEW-YORK \u2013 \u00c9TATS-UNIS<\/li>\n<\/ul>\n<p>[\/et_pb_accordion_item][et_pb_accordion_item title=\u00a0\u00bb2019&Prime; _builder_version=\u00a0\u00bb4.27.0&Prime; _module_preset=\u00a0\u00bbdefault\u00a0\u00bb global_colors_info=\u00a0\u00bb{}\u00a0\u00bb open=\u00a0\u00bboff\u00a0\u00bb]<\/p>\n<ul>\n<li>Ch\u00e2teau de Belcastel, AVEYRON \u2013 France<\/li>\n<li>XL Art, La Mulonni\u00e8re &#8211; SAINT-ANTOINE-DU-ROCHER \u2013 France<\/li>\n<\/ul>\n<p>[\/et_pb_accordion_item][et_pb_accordion_item title=\u00a0\u00bb2020-2024&Prime; _builder_version=\u00a0\u00bb4.27.0&Prime; _module_preset=\u00a0\u00bbdefault\u00a0\u00bb global_colors_info=\u00a0\u00bb{}\u00a0\u00bb open=\u00a0\u00bboff\u00a0\u00bb]<\/p>\n<ul>\n<li>Opera Gallery<\/li>\n<\/ul>\n<p>[\/et_pb_accordion_item][\/et_pb_accordion][\/et_pb_column][\/et_pb_row][\/et_pb_section][et_pb_section fb_built=\u00a0\u00bb1&Prime; disabled_on=\u00a0\u00bbon|on|on\u00a0\u00bb module_class=\u00a0\u00bbdc_inverser_colonnes-section\u00a0\u00bb _builder_version=\u00a0\u00bb4.27.0&Prime; _module_preset=\u00a0\u00bbdefault\u00a0\u00bb background_color=\u00a0\u00bb#f2f2f2&Prime; background_enable_pattern_style=\u00a0\u00bbon\u00a0\u00bb background_pattern_style=\u00a0\u00bbcubes\u00a0\u00bb background_pattern_color=\u00a0\u00bbrgba(0,0,0,0.01)\u00a0\u00bb custom_padding=\u00a0\u00bb50px||50px||true|false\u00a0\u00bb disabled=\u00a0\u00bbon\u00a0\u00bb global_colors_info=\u00a0\u00bb{}\u00a0\u00bb][et_pb_row column_structure=\u00a0\u00bb1_2,1_2&Prime; use_custom_gutter=\u00a0\u00bbon\u00a0\u00bb gutter_width=\u00a0\u00bb1&Prime; make_equal=\u00a0\u00bbon\u00a0\u00bb _builder_version=\u00a0\u00bb4.27.0&Prime; _module_preset=\u00a0\u00bbdefault\u00a0\u00bb max_width=\u00a0\u00bb100%\u00a0\u00bb custom_margin=\u00a0\u00bb0px||0px||true|false\u00a0\u00bb custom_padding=\u00a0\u00bb0px||0px||true|false\u00a0\u00bb global_colors_info=\u00a0\u00bb{}\u00a0\u00bb][et_pb_column type=\u00a0\u00bb1_2&Prime; _builder_version=\u00a0\u00bb4.27.0&Prime; _module_preset=\u00a0\u00bbdefault\u00a0\u00bb box_shadow_style=\u00a0\u00bbpreset3&Prime; global_colors_info=\u00a0\u00bb{}\u00a0\u00bb][et_pb_text _builder_version=\u00a0\u00bb4.27.0&Prime; _module_preset=\u00a0\u00bbdefault\u00a0\u00bb header_2_font=\u00a0\u00bb|||on|||||\u00a0\u00bb background_color=\u00a0\u00bb#FFFFFF\u00a0\u00bb transform_translate_linked=\u00a0\u00bboff\u00a0\u00bb positioning=\u00a0\u00bbrelative\u00a0\u00bb z_index=\u00a0\u00bb1200&Prime; height=\u00a0\u00bb100%\u00a0\u00bb custom_padding=\u00a0\u00bb50px|40px|50px|40px|true|true\u00a0\u00bb scroll_vertical_motion=\u00a0\u00bb0|38|38|66|4|0|-4&Prime; motion_trigger_start=\u00a0\u00bbtop\u00a0\u00bb global_colors_info=\u00a0\u00bb{}\u00a0\u00bb]<\/p>\n<h2>Bibliographie<\/h2>\n<p>Le<span>\u00a0<\/span><strong>Lorem Ipsum<\/strong><span>\u00a0<\/span>est simplement du faux texte employ\u00e9 dans la composition et la mise en page avant impression. Le Lorem Ipsum est le faux texte standard de l&rsquo;imprimerie depuis les ann\u00e9es 1500, quand un imprimeur anonyme assembla ensemble des morceaux de texte pour r\u00e9aliser un livre sp\u00e9cimen de polices de texte. Il n&rsquo;a pas fait que survivre cinq si\u00e8cles, mais s&rsquo;est aussi adapt\u00e9 \u00e0 la bureautique informatique, sans que son contenu n&rsquo;en soit modifi\u00e9. Il a \u00e9t\u00e9 popularis\u00e9 dans les ann\u00e9es 1960 gr\u00e2ce \u00e0 la vente de feuilles Letraset contenant des passages du Lorem Ipsum, et, plus r\u00e9cemment, par son inclusion dans des applications de mise en page de texte, comme Aldus PageMaker.<\/p>\n<p>[\/et_pb_text][\/et_pb_column][et_pb_column type=\u00a0\u00bb1_2&Prime; _builder_version=\u00a0\u00bb4.27.0&Prime; _module_preset=\u00a0\u00bbdefault\u00a0\u00bb global_colors_info=\u00a0\u00bb{}\u00a0\u00bb][et_pb_image src=\u00a0\u00bbhttps:\/\/www.pierrematter.fr\/wp-content\/uploads\/2024\/09\/showroom.jpg\u00a0\u00bb title_text=\u00a0\u00bbshowroom\u00a0\u00bb force_fullwidth=\u00a0\u00bbon\u00a0\u00bb _builder_version=\u00a0\u00bb4.27.0&Prime; _module_preset=\u00a0\u00bbdefault\u00a0\u00bb global_colors_info=\u00a0\u00bb{}\u00a0\u00bb][\/et_pb_image][\/et_pb_column][\/et_pb_row][\/et_pb_section][et_pb_section fb_built=\u00a0\u00bb1&Prime; _builder_version=\u00a0\u00bb4.27.0&Prime; _module_preset=\u00a0\u00bbdefault\u00a0\u00bb background_color=\u00a0\u00bb#f2f2f2&Prime; background_enable_pattern_style=\u00a0\u00bbon\u00a0\u00bb background_pattern_style=\u00a0\u00bbcubes\u00a0\u00bb background_pattern_blend_mode=\u00a0\u00bboverlay\u00a0\u00bb custom_padding=\u00a0\u00bb50px||50px||true|false\u00a0\u00bb global_colors_info=\u00a0\u00bb{}\u00a0\u00bb][et_pb_row use_custom_gutter=\u00a0\u00bbon\u00a0\u00bb gutter_width=\u00a0\u00bb1&Prime; make_equal=\u00a0\u00bbon\u00a0\u00bb _builder_version=\u00a0\u00bb4.27.0&Prime; _module_preset=\u00a0\u00bbdefault\u00a0\u00bb max_width=\u00a0\u00bb100%\u00a0\u00bb custom_margin=\u00a0\u00bb0px||||false|false\u00a0\u00bb custom_padding=\u00a0\u00bb0px||0px||true|false\u00a0\u00bb global_colors_info=\u00a0\u00bb{}\u00a0\u00bb][et_pb_column type=\u00a0\u00bb4_4&Prime; _builder_version=\u00a0\u00bb4.27.0&Prime; _module_preset=\u00a0\u00bbdefault\u00a0\u00bb box_shadow_style=\u00a0\u00bbpreset3&Prime; global_colors_info=\u00a0\u00bb{}\u00a0\u00bb][et_pb_text _builder_version=\u00a0\u00bb4.27.0&Prime; _module_preset=\u00a0\u00bbdefault\u00a0\u00bb header_2_font=\u00a0\u00bb|||on|||||\u00a0\u00bb header_2_text_color=\u00a0\u00bb#191B1F\u00a0\u00bb background_color=\u00a0\u00bb#ffffff\u00a0\u00bb custom_margin=\u00a0\u00bb||||false|false\u00a0\u00bb custom_padding=\u00a0\u00bb20px|40px|20px|40px|true|true\u00a0\u00bb global_colors_info=\u00a0\u00bb{}\u00a0\u00bb]<\/p>\n<h2>The workshop<\/h2>\n<p>[\/et_pb_text][et_pb_video src=\u00a0\u00bbhttps:\/\/www.pierrematter.fr\/wp-content\/uploads\/2024\/10\/Pierre-Matter-Sculpteur-De-limaginaire-a-loeuvre-2011.mp4&Prime; _builder_version=\u00a0\u00bb4.27.0&Prime; _module_preset=\u00a0\u00bbdefault\u00a0\u00bb global_colors_info=\u00a0\u00bb{}\u00a0\u00bb][\/et_pb_video][\/et_pb_column][\/et_pb_row][\/et_pb_section]<\/p>","protected":false},"excerpt":{"rendered":"<p>L&rsquo;artisteBiographie Apr\u00e8s une enfance plut\u00f4t mystique, il fait, sans conviction, des \u00e9tudes g\u00e9n\u00e9rales en section math\u00e9matiques mais, parall\u00e8lement, s&rsquo;\u00e9vade dans la cr\u00e9ation artistique. Il s&rsquo;essaie \u00e0 la gouache, l&rsquo;aquarelle mais ne trouvera sa voie que bien plus tard. Des chemins de traverse l&rsquo;ont men\u00e9 \u00e0 l&rsquo;agriculture, aux m\u00e9tiers du b\u00e2timent en passant par la bande [&hellip;]<\/p>","protected":false},"author":1,"featured_media":0,"parent":0,"menu_order":0,"comment_status":"closed","ping_status":"closed","template":"","meta":{"_acf_changed":false,"_et_pb_use_builder":"on","_et_pb_old_content":"<!-- wp:divi\/placeholder \/-->","_et_gb_content_width":"","footnotes":""},"class_list":["post-14","page","type-page","status-publish","hentry"],"acf":[],"yoast_head":"<!-- This site is optimized with the Yoast SEO plugin v25.8 - https:\/\/yoast.com\/wordpress\/plugins\/seo\/ -->\n<title>L&#039;artiste | Pierre Matter | Sculpteur<\/title>\n<meta name=\"description\" content=\"Plongez dans l\u2019univers unique de Pierre Matter, o\u00f9 l\u2019art et la technologie se rencontrent. Ses sculptures fascinantes, m\u00ealant m\u00e9tal\" \/>\n<meta name=\"robots\" content=\"index, follow, max-snippet:-1, max-image-preview:large, max-video-preview:-1\" \/>\n<link rel=\"canonical\" href=\"https:\/\/www.pierrematter.fr\/en\/lartiste\/\" \/>\n<meta property=\"og:locale\" content=\"en_GB\" \/>\n<meta property=\"og:type\" content=\"article\" \/>\n<meta property=\"og:title\" content=\"L&#039;artiste | Pierre Matter | Sculpteur\" \/>\n<meta property=\"og:description\" content=\"Plongez dans l\u2019univers unique de Pierre Matter, o\u00f9 l\u2019art et la technologie se rencontrent. Ses sculptures fascinantes, m\u00ealant m\u00e9tal\" \/>\n<meta property=\"og:url\" content=\"https:\/\/www.pierrematter.fr\/en\/lartiste\/\" \/>\n<meta property=\"og:site_name\" content=\"Pierre Matter\" \/>\n<meta property=\"article:publisher\" content=\"https:\/\/www.facebook.com\/matterpierre\" \/>\n<meta property=\"article:modified_time\" content=\"2025-09-05T20:35:58+00:00\" \/>\n<meta property=\"og:image\" content=\"https:\/\/www.pierrematter.fr\/wp-content\/uploads\/2024\/10\/signature-trace-Noir-300x257.png\" \/>\n<meta name=\"twitter:card\" content=\"summary_large_image\" \/>\n<meta name=\"twitter:label1\" content=\"Estimated reading time\" \/>\n\t<meta name=\"twitter:data1\" content=\"5 minutes\" \/>\n<script type=\"application\/ld+json\" class=\"yoast-schema-graph\">{\"@context\":\"https:\/\/schema.org\",\"@graph\":[{\"@type\":\"WebPage\",\"@id\":\"https:\/\/www.pierrematter.fr\/lartiste\/\",\"url\":\"https:\/\/www.pierrematter.fr\/lartiste\/\",\"name\":\"L'artiste | Pierre Matter | Sculpteur\",\"isPartOf\":{\"@id\":\"https:\/\/www.pierrematter.fr\/#website\"},\"primaryImageOfPage\":{\"@id\":\"https:\/\/www.pierrematter.fr\/lartiste\/#primaryimage\"},\"image\":{\"@id\":\"https:\/\/www.pierrematter.fr\/lartiste\/#primaryimage\"},\"thumbnailUrl\":\"https:\/\/www.pierrematter.fr\/wp-content\/uploads\/2024\/10\/signature-trace-Noir-300x257.png\",\"datePublished\":\"2024-08-30T06:00:53+00:00\",\"dateModified\":\"2025-09-05T20:35:58+00:00\",\"description\":\"Plongez dans l\u2019univers unique de Pierre Matter, o\u00f9 l\u2019art et la technologie se rencontrent. Ses sculptures fascinantes, m\u00ealant m\u00e9tal\",\"breadcrumb\":{\"@id\":\"https:\/\/www.pierrematter.fr\/lartiste\/#breadcrumb\"},\"inLanguage\":\"en-GB\",\"potentialAction\":[{\"@type\":\"ReadAction\",\"target\":[\"https:\/\/www.pierrematter.fr\/lartiste\/\"]}]},{\"@type\":\"ImageObject\",\"inLanguage\":\"en-GB\",\"@id\":\"https:\/\/www.pierrematter.fr\/lartiste\/#primaryimage\",\"url\":\"https:\/\/www.pierrematter.fr\/wp-content\/uploads\/2024\/10\/signature-trace-Noir-300x257.png\",\"contentUrl\":\"https:\/\/www.pierrematter.fr\/wp-content\/uploads\/2024\/10\/signature-trace-Noir-300x257.png\"},{\"@type\":\"BreadcrumbList\",\"@id\":\"https:\/\/www.pierrematter.fr\/lartiste\/#breadcrumb\",\"itemListElement\":[{\"@type\":\"ListItem\",\"position\":1,\"name\":\"Accueil\",\"item\":\"https:\/\/www.pierrematter.fr\/\"},{\"@type\":\"ListItem\",\"position\":2,\"name\":\"L&rsquo;artiste\"}]},{\"@type\":\"WebSite\",\"@id\":\"https:\/\/www.pierrematter.fr\/#website\",\"url\":\"https:\/\/www.pierrematter.fr\/\",\"name\":\"Pierre Matter\",\"description\":\"D\u00e9couvrez l&#039;univers en m\u00e9tal de l&#039;artiste Pierre Matter\",\"publisher\":{\"@id\":\"https:\/\/www.pierrematter.fr\/#organization\"},\"potentialAction\":[{\"@type\":\"SearchAction\",\"target\":{\"@type\":\"EntryPoint\",\"urlTemplate\":\"https:\/\/www.pierrematter.fr\/?s={search_term_string}\"},\"query-input\":{\"@type\":\"PropertyValueSpecification\",\"valueRequired\":true,\"valueName\":\"search_term_string\"}}],\"inLanguage\":\"en-GB\"},{\"@type\":\"Organization\",\"@id\":\"https:\/\/www.pierrematter.fr\/#organization\",\"name\":\"Pierre Matter\",\"url\":\"https:\/\/www.pierrematter.fr\/\",\"logo\":{\"@type\":\"ImageObject\",\"inLanguage\":\"en-GB\",\"@id\":\"https:\/\/www.pierrematter.fr\/#\/schema\/logo\/image\/\",\"url\":\"https:\/\/www.pierrematter.fr\/wp-content\/uploads\/2024\/10\/bright-mamma-1.jpg\",\"contentUrl\":\"https:\/\/www.pierrematter.fr\/wp-content\/uploads\/2024\/10\/bright-mamma-1.jpg\",\"width\":990,\"height\":556,\"caption\":\"Pierre Matter\"},\"image\":{\"@id\":\"https:\/\/www.pierrematter.fr\/#\/schema\/logo\/image\/\"},\"sameAs\":[\"https:\/\/www.facebook.com\/matterpierre\"]}]}<\/script>\n<!-- \/ Yoast SEO plugin. -->","yoast_head_json":{"title":"L'artiste | Pierre Matter | Sculpteur","description":"Plongez dans l\u2019univers unique de Pierre Matter, o\u00f9 l\u2019art et la technologie se rencontrent. Ses sculptures fascinantes, m\u00ealant m\u00e9tal","robots":{"index":"index","follow":"follow","max-snippet":"max-snippet:-1","max-image-preview":"max-image-preview:large","max-video-preview":"max-video-preview:-1"},"canonical":"https:\/\/www.pierrematter.fr\/en\/lartiste\/","og_locale":"en_GB","og_type":"article","og_title":"L'artiste | Pierre Matter | Sculpteur","og_description":"Plongez dans l\u2019univers unique de Pierre Matter, o\u00f9 l\u2019art et la technologie se rencontrent. Ses sculptures fascinantes, m\u00ealant m\u00e9tal","og_url":"https:\/\/www.pierrematter.fr\/en\/lartiste\/","og_site_name":"Pierre Matter","article_publisher":"https:\/\/www.facebook.com\/matterpierre","article_modified_time":"2025-09-05T20:35:58+00:00","og_image":[{"url":"https:\/\/www.pierrematter.fr\/wp-content\/uploads\/2024\/10\/signature-trace-Noir-300x257.png","type":"","width":"","height":""}],"twitter_card":"summary_large_image","twitter_misc":{"Estimated reading time":"5 minutes"},"schema":{"@context":"https:\/\/schema.org","@graph":[{"@type":"WebPage","@id":"https:\/\/www.pierrematter.fr\/lartiste\/","url":"https:\/\/www.pierrematter.fr\/lartiste\/","name":"L'artiste | Pierre Matter | Sculpteur","isPartOf":{"@id":"https:\/\/www.pierrematter.fr\/#website"},"primaryImageOfPage":{"@id":"https:\/\/www.pierrematter.fr\/lartiste\/#primaryimage"},"image":{"@id":"https:\/\/www.pierrematter.fr\/lartiste\/#primaryimage"},"thumbnailUrl":"https:\/\/www.pierrematter.fr\/wp-content\/uploads\/2024\/10\/signature-trace-Noir-300x257.png","datePublished":"2024-08-30T06:00:53+00:00","dateModified":"2025-09-05T20:35:58+00:00","description":"Plongez dans l\u2019univers unique de Pierre Matter, o\u00f9 l\u2019art et la technologie se rencontrent. Ses sculptures fascinantes, m\u00ealant m\u00e9tal","breadcrumb":{"@id":"https:\/\/www.pierrematter.fr\/lartiste\/#breadcrumb"},"inLanguage":"en-GB","potentialAction":[{"@type":"ReadAction","target":["https:\/\/www.pierrematter.fr\/lartiste\/"]}]},{"@type":"ImageObject","inLanguage":"en-GB","@id":"https:\/\/www.pierrematter.fr\/lartiste\/#primaryimage","url":"https:\/\/www.pierrematter.fr\/wp-content\/uploads\/2024\/10\/signature-trace-Noir-300x257.png","contentUrl":"https:\/\/www.pierrematter.fr\/wp-content\/uploads\/2024\/10\/signature-trace-Noir-300x257.png"},{"@type":"BreadcrumbList","@id":"https:\/\/www.pierrematter.fr\/lartiste\/#breadcrumb","itemListElement":[{"@type":"ListItem","position":1,"name":"Accueil","item":"https:\/\/www.pierrematter.fr\/"},{"@type":"ListItem","position":2,"name":"L&rsquo;artiste"}]},{"@type":"WebSite","@id":"https:\/\/www.pierrematter.fr\/#website","url":"https:\/\/www.pierrematter.fr\/","name":"Pierre Matter","description":"D\u00e9couvrez l&#039;univers en m\u00e9tal de l&#039;artiste Pierre Matter","publisher":{"@id":"https:\/\/www.pierrematter.fr\/#organization"},"potentialAction":[{"@type":"SearchAction","target":{"@type":"EntryPoint","urlTemplate":"https:\/\/www.pierrematter.fr\/?s={search_term_string}"},"query-input":{"@type":"PropertyValueSpecification","valueRequired":true,"valueName":"search_term_string"}}],"inLanguage":"en-GB"},{"@type":"Organization","@id":"https:\/\/www.pierrematter.fr\/#organization","name":"Pierre Matter","url":"https:\/\/www.pierrematter.fr\/","logo":{"@type":"ImageObject","inLanguage":"en-GB","@id":"https:\/\/www.pierrematter.fr\/#\/schema\/logo\/image\/","url":"https:\/\/www.pierrematter.fr\/wp-content\/uploads\/2024\/10\/bright-mamma-1.jpg","contentUrl":"https:\/\/www.pierrematter.fr\/wp-content\/uploads\/2024\/10\/bright-mamma-1.jpg","width":990,"height":556,"caption":"Pierre Matter"},"image":{"@id":"https:\/\/www.pierrematter.fr\/#\/schema\/logo\/image\/"},"sameAs":["https:\/\/www.facebook.com\/matterpierre"]}]}},"_links":{"self":[{"href":"https:\/\/www.pierrematter.fr\/en\/wp-json\/wp\/v2\/pages\/14","targetHints":{"allow":["GET"]}}],"collection":[{"href":"https:\/\/www.pierrematter.fr\/en\/wp-json\/wp\/v2\/pages"}],"about":[{"href":"https:\/\/www.pierrematter.fr\/en\/wp-json\/wp\/v2\/types\/page"}],"author":[{"embeddable":true,"href":"https:\/\/www.pierrematter.fr\/en\/wp-json\/wp\/v2\/users\/1"}],"replies":[{"embeddable":true,"href":"https:\/\/www.pierrematter.fr\/en\/wp-json\/wp\/v2\/comments?post=14"}],"version-history":[{"count":73,"href":"https:\/\/www.pierrematter.fr\/en\/wp-json\/wp\/v2\/pages\/14\/revisions"}],"predecessor-version":[{"id":2335,"href":"https:\/\/www.pierrematter.fr\/en\/wp-json\/wp\/v2\/pages\/14\/revisions\/2335"}],"wp:attachment":[{"href":"https:\/\/www.pierrematter.fr\/en\/wp-json\/wp\/v2\/media?parent=14"}],"curies":[{"name":"wp","href":"https:\/\/api.w.org\/{rel}","templated":true}]}}